{"version":"1.0","provider_name":"MeteoIQ","provider_url":"https:\/\/www.meteoiq.com\/de\/","author_name":"Dennis Schulze","author_url":"https:\/\/www.meteoiq.com\/de\/author\/dennis\/","title":"Sturm \"Nadia\" mit Orkanb\u00f6en und Sturmflut","type":"rich","width":600,"height":338,"html":"<blockquote class=\"wp-embedded-content\" data-secret=\"s8jXaxcdhn\"><a href=\"https:\/\/www.meteoiq.com\/de\/2022\/01\/30\/sturm-nadia-mit-orkanboeen-und-sturmflut\/\">Sturm &#8222;Nadia&#8220; mit Orkanb\u00f6en und Sturmflut<\/a><\/blockquote><iframe sandbox=\"allow-scripts\" security=\"restricted\" src=\"https:\/\/www.meteoiq.com\/de\/2022\/01\/30\/sturm-nadia-mit-orkanboeen-und-sturmflut\/embed\/#?secret=s8jXaxcdhn\" width=\"600\" height=\"338\" title=\"&#8222;Sturm &#8222;Nadia&#8220; mit Orkanb\u00f6en und Sturmflut&#8220; &#8211; MeteoIQ\" data-secret=\"s8jXaxcdhn\" frameborder=\"0\" marginwidth=\"0\" marginheight=\"0\" scrolling=\"no\" class=\"wp-embedded-content\"><\/iframe><script type=\"text\/javascript\">\n\/* <![CDATA[ *\/\n\/*! This file is auto-generated *\/\n!function(d,l){\"use strict\";l.querySelector&&d.addEventListener&&\"undefined\"!=typeof URL&&(d.wp=d.wp||{},d.wp.receiveEmbedMessage||(d.wp.receiveEmbedMessage=function(e){var t=e.data;if((t||t.secret||t.message||t.value)&&!\/[^a-zA-Z0-9]\/.test(t.secret)){for(var s,r,n,a=l.querySelectorAll('iframe[data-secret=\"'+t.secret+'\"]'),o=l.querySelectorAll('blockquote[data-secret=\"'+t.secret+'\"]'),c=new RegExp(\"^https?:$\",\"i\"),i=0;i<o.length;i++)o[i].style.display=\"none\";for(i=0;i<a.length;i++)s=a[i],e.source===s.contentWindow&&(s.removeAttribute(\"style\"),\"height\"===t.message?(1e3<(r=parseInt(t.value,10))?r=1e3:~~r<200&&(r=200),s.height=r):\"link\"===t.message&&(r=new URL(s.getAttribute(\"src\")),n=new URL(t.value),c.test(n.protocol))&&n.host===r.host&&l.activeElement===s&&(d.top.location.href=t.value))}},d.addEventListener(\"message\",d.wp.receiveEmbedMessage,!1),l.addEventListener(\"DOMContentLoaded\",function(){for(var e,t,s=l.querySelectorAll(\"iframe.wp-embedded-content\"),r=0;r<s.length;r++)(t=(e=s[r]).getAttribute(\"data-secret\"))||(t=Math.random().toString(36).substring(2,12),e.src+=\"#?secret=\"+t,e.setAttribute(\"data-secret\",t)),e.contentWindow.postMessage({message:\"ready\",secret:t},\"*\")},!1)))}(window,document);\n\/\/# sourceURL=https:\/\/www.meteoiq.com\/wp-includes\/js\/wp-embed.min.js\n\/* ]]> *\/\n<\/script>\n","thumbnail_url":"https:\/\/www.meteoiq.com\/wp-content\/uploads\/2019\/12\/meteoIQ-LogoPlus.png","thumbnail_width":3000,"thumbnail_height":1268,"description":"In der Nacht zum 30.01.2022 erreichte das Sturmfeld \u00fcber Deutschland seinen H\u00f6hepunkt. An den K\u00fcsten von Nordsee und Ostsee wurden verbreitet orkanartige B\u00f6en der St\u00e4rke 11 Beaufort gemessen, \u00f6rtlich auch Orkanb\u00f6en. Auch in den Hochlagen der Mittelgebirge kam es zu Orkanb\u00f6en. In Nord- und Ostdeutschland wurde abseits der K\u00fcsten verbreitet schwere Sturmb\u00f6en der St\u00e4rke 10 Beaufort, \u00f6rtlich auch orkanartige B\u00f6en registriert."}