{"version":"1.0","provider_name":"MeteoIQ","provider_url":"https:\/\/www.meteoiq.com\/de\/","author_name":"Petra Gebauer","author_url":"https:\/\/www.meteoiq.com\/de\/author\/petra\/","title":"Extrem trockenes Fr\u00fchjahr - MeteoIQ","type":"rich","width":600,"height":338,"html":"<blockquote class=\"wp-embedded-content\" data-secret=\"ePzAph0K0y\"><a href=\"https:\/\/www.meteoiq.com\/de\/2025\/06\/04\/extrem-trockenes-fruehjahr\/\">Extrem trockenes Fr\u00fchjahr<\/a><\/blockquote><iframe sandbox=\"allow-scripts\" security=\"restricted\" src=\"https:\/\/www.meteoiq.com\/de\/2025\/06\/04\/extrem-trockenes-fruehjahr\/embed\/#?secret=ePzAph0K0y\" width=\"600\" height=\"338\" title=\"&#8222;Extrem trockenes Fr\u00fchjahr&#8220; &#8211; MeteoIQ\" data-secret=\"ePzAph0K0y\" frameborder=\"0\" marginwidth=\"0\" marginheight=\"0\" scrolling=\"no\" class=\"wp-embedded-content\"><\/iframe><script type=\"text\/javascript\">\n\/* <![CDATA[ *\/\n\/*! This file is auto-generated *\/\n!function(d,l){\"use strict\";l.querySelector&&d.addEventListener&&\"undefined\"!=typeof URL&&(d.wp=d.wp||{},d.wp.receiveEmbedMessage||(d.wp.receiveEmbedMessage=function(e){var t=e.data;if((t||t.secret||t.message||t.value)&&!\/[^a-zA-Z0-9]\/.test(t.secret)){for(var s,r,n,a=l.querySelectorAll('iframe[data-secret=\"'+t.secret+'\"]'),o=l.querySelectorAll('blockquote[data-secret=\"'+t.secret+'\"]'),c=new RegExp(\"^https?:$\",\"i\"),i=0;i<o.length;i++)o[i].style.display=\"none\";for(i=0;i<a.length;i++)s=a[i],e.source===s.contentWindow&&(s.removeAttribute(\"style\"),\"height\"===t.message?(1e3<(r=parseInt(t.value,10))?r=1e3:~~r<200&&(r=200),s.height=r):\"link\"===t.message&&(r=new URL(s.getAttribute(\"src\")),n=new URL(t.value),c.test(n.protocol))&&n.host===r.host&&l.activeElement===s&&(d.top.location.href=t.value))}},d.addEventListener(\"message\",d.wp.receiveEmbedMessage,!1),l.addEventListener(\"DOMContentLoaded\",function(){for(var e,t,s=l.querySelectorAll(\"iframe.wp-embedded-content\"),r=0;r<s.length;r++)(t=(e=s[r]).getAttribute(\"data-secret\"))||(t=Math.random().toString(36).substring(2,12),e.src+=\"#?secret=\"+t,e.setAttribute(\"data-secret\",t)),e.contentWindow.postMessage({message:\"ready\",secret:t},\"*\")},!1)))}(window,document);\n\/\/# sourceURL=https:\/\/www.meteoiq.com\/wp-includes\/js\/wp-embed.min.js\n\/* ]]> *\/\n<\/script>\n","thumbnail_url":"https:\/\/www.meteoiq.com\/wp-content\/uploads\/2025\/06\/rr_dahlem_normal-e1749028666813.png","thumbnail_width":300,"thumbnail_height":167,"description":"Astronomisch betrachtet beginnt das Fr\u00fchjahr erst am 21. Juni 2025, meteorologisch betrachtet werden die Monate M\u00e4rz, April und Mai zusammengefasst, um statistisch immer mit dem gleichen Zeitraum rechnen zu k\u00f6nnen. ..."}